{"id":20,"date":"2025-04-14T19:54:47","date_gmt":"2025-04-14T19:54:47","guid":{"rendered":"https:\/\/relaisducoeur.lu\/?page_id=20"},"modified":"2025-06-17T09:02:42","modified_gmt":"2025-06-17T07:02:42","slug":"relais-du-coeur-2025","status":"publish","type":"page","link":"https:\/\/relaisducoeur.lu\/","title":{"rendered":"Relais du coeur en m\u00e9moire de B\u00e9n\u00e9dicte Reis 2025"},"content":{"rendered":"\n<p><mark style=\"background-color:rgba(0, 0, 0, 0)\" class=\"has-inline-color has-vivid-red-color\"><strong>Samedi 21 juin 2025 de 10:00 \u00e0 18:00<\/strong><\/mark><\/p>\n\n\n\n<p>Stade Josy Barthel, Luxembourg-ville, Luxembourg<\/p>\n\n\n<div class=\"wp-block-image\">\n<figure class=\"aligncenter size-full\"><img loading=\"lazy\" decoding=\"async\" width=\"638\" height=\"462\" src=\"https:\/\/relaisducoeur.lu\/wp-content\/uploads\/2025\/04\/Visuel_RelaisDelaVie.jpg\" alt=\"Visuel\" class=\"wp-image-34\" srcset=\"https:\/\/relaisducoeur.lu\/wp-content\/uploads\/2025\/04\/Visuel_RelaisDelaVie.jpg 638w, https:\/\/relaisducoeur.lu\/wp-content\/uploads\/2025\/04\/Visuel_RelaisDelaVie-300x217.jpg 300w\" sizes=\"auto, (max-width: 638px) 100vw, 638px\" \/><\/figure>\n<\/div>\n\n\n<p><\/p>\n\n\n\n<p>Course et marche organis\u00e9e par le Club Lions Altius en m\u00e9moire de son membre regrett\u00e9 B\u00e9n\u00e9dicte Reis, d\u00e9c\u00e9d\u00e9e en 2024. <\/p>\n\n\n\n<p>Les recettes r\u00e9colt\u00e9es lors de cette manifestation seront int\u00e9gralement vers\u00e9es \u00e0 l&#8217;association &#8220;H\u00e4rzkrank Kanner zu L\u00ebtzebuerg&#8221; pour la recherche et au soutien des enfants cardiaques ainsi que de leurs familles.<\/p>\n\n\n\n<p>\ud83d\uddd3\ufe0f 21 Juin 2025<\/p>\n\n\n\n<p>\u27a1\ufe0fStade Josy Barthel &#8211; Luxembourg<\/p>\n\n\n\n<p>\u23f2\ufe0f 10:00h &#8211; 18:00h<\/p>\n\n\n\n<p>\ud83c\udd7f\ufe0f Parking disponible autour du stade<\/p>\n\n\n\n<p>\ud83d\udebf Vestiaires et douches accessible aux participants dans le stade<\/p>\n\n\n\n<p>\ud83c\udfc3\u200d\u2642\ufe0f\ud83d\udeb6 Les participants ont le choix de marcher ou de courir en se relayant sur une dur\u00e9e maximale de 8 heures<\/p>\n\n\n\n<p>\ud83d\udcb8Les droits d&#8217;inscriptions sont de 200\u20ac \/ \u00e9quipe de maximum 16 personnes ou de 30\u20ac en individuel<\/p>\n\n\n\n<p>\ud83c\udfb6\ud83c\udfb5\ud83c\udfa7 Animation musicale par un DJ<\/p>\n\n\n\n<p>\ud83c\udf74\ud83e\udd64 Restauration et boissons sur place <\/p>\n\n\n\n<p>\ud83d\ude9a\ud83c\udf70\ud83c\udf5d Foodtruck avec p\u00e2tes et desserts de 11:00 \u00e0 15:00<\/p>\n\n\n\n<p>\ud83d\udc93 \ud83d\udc96\ud83d\udc93Nous allons marcher, nous allons courir. <br>Ensemble nous allons essayer d&#8217;atteindre un maximum de kilom\u00e8tres en m\u00e9moire de B\u00e9n\u00e9 \ud83d\udc96<\/p>\n\n\n\n<p>\ud83d\ude4f Nous serions \u00e9galement reconnaissants aux personnes qui ne peuvent pas participer, mais souhaitant n\u00e9anmoins soutenir notre projet, de faire un don sur le compte de Lions Club Luxembourg Altius LU37 1111 7665 6167 0000, BIC Code: CCPLLULLXXX [Post Luxembourg]<\/p>\n\n\n\n<p>\u00ae\ufe0f Les Inscriptions sont possibles via le lien: <a href=\"https:\/\/www.chiplauf.de\/fr\/events\/relais-du-coeur-en-m-moire-de-b-n-dicte-reis\" target=\"_blank\" rel=\"noreferrer noopener\">https:\/\/www.chiplauf.de\/fr\/events\/relais-du-coeur-en-m-moire-de-b-n-dicte-reis<\/a><\/p>\n\n\n\n<h3 class=\"wp-block-heading\">Concernant les inscriptions pour les \u00e9quipes:<\/h3>\n\n\n\n<p>Pour les inscriptions, vous n&#8217;avez pas besoin de fournir les noms de tous les membres de votre \u00e9quipe. Il est important de noter le nom du chef d&#8217;\u00e9quipe. Celui-ci vient retirer le dossard et obtiendra en m\u00eame temps un bracelet pour chacun des membres de son \u00e9quipe.<br>Le bracelet donnera acc\u00e8s aux membres de l&#8217;\u00e9quipe \u00e0 la zone de relais pour \u00e9changer le dossard.<\/p>\n\n\n\n<p>L&#8217;\u00e9quipe peut \u00eatre compos\u00e9e au minimum d&#8217;2 personnes et au maximum de 16 personnes. <br>Il n&#8217;y a pas de contr\u00f4le si votre \u00e9quipe est en train de courir ou se repose. C&#8217;est \u00e0 vous de g\u00e9rer votre \u00e9quipe et le temps qu&#8217;elle participe ainsi que le&nbsp;temps que passe chaque membre de votre \u00e9quipe sur la piste.<\/p>\n\n\n\n<h3 class=\"wp-block-heading\">Concernant les inscriptions individuelles:<\/h3>\n\n\n\n<p>Lors de l&#8217;inscription vous aurez votre dossard et votre bracelet. Vous pouvez courir ou marcher pendant les 8 heures. Vous pouvez commencer plus tard ou finir plus t\u00f4t. Il n&#8217;y a pas de contr\u00f4le ni de classement<\/p>\n\n\n\n<h2 class=\"wp-block-heading\">Demande d&#8217;informations:<\/h2>\n\n\n\n<p>Vous pouvez nous contacter pour toutes informations compl\u00e8mentaire via le formulaire ci dessous:<\/p>\n\n\n<div class=\"wpforms-container wpforms-container-full wpforms-block wpforms-block-b063a9ff-5d21-45d2-bd21-1a67398c8346 wpforms-render-modern superb-addons-hide-on-tablet\" id=\"wpforms-56\"><form id=\"wpforms-form-56\" class=\"wpforms-validate wpforms-form wpforms-ajax-form\" data-formid=\"56\" method=\"post\" enctype=\"multipart\/form-data\" action=\"\/index.php\/wp-json\/wp\/v2\/pages\/20\" data-token=\"0e803ece773c1573f734e45725f1e037\" data-token-time=\"1777508565\"><noscript class=\"wpforms-error-noscript\">Please enable JavaScript in your browser to complete this form.<\/noscript><div class=\"wpforms-hidden\" id=\"wpforms-error-noscript\">Please enable JavaScript in your browser to complete this form.<\/div><div class=\"wpforms-field-container\"><div id=\"wpforms-56-field_3-container\" class=\"wpforms-field wpforms-field-email\" data-field-id=\"3\"><label class=\"wpforms-field-label\" for=\"wpforms-56-field_3\">Votre adresse e-mail <span class=\"wpforms-required-label\" aria-hidden=\"true\">*<\/span><\/label><input type=\"email\" id=\"wpforms-56-field_3\" class=\"wpforms-field-medium wpforms-field-required\" name=\"wpforms[fields][3]\" spellcheck=\"false\" aria-errormessage=\"wpforms-56-field_3-error\" required><\/div><div id=\"wpforms-56-field_1-container\" class=\"wpforms-field wpforms-field-select wpforms-field-select-style-classic\" data-field-id=\"1\"><label class=\"wpforms-field-label\" for=\"wpforms-56-field_1\">Cat\u00e9gorie:<\/label><select id=\"wpforms-56-field_1\" class=\"wpforms-field-medium\" name=\"wpforms[fields][1]\"><option value=\"G\u00e9n\u00e9ral\"  selected='selected'>G\u00e9n\u00e9ral<\/option><option value=\"Inscription de groupe\" >Inscription de groupe<\/option><option value=\"Inscription individuelle\" >Inscription individuelle<\/option><option value=\"Logistique (Parking, restauration,..)\" >Logistique (Parking, restauration,..)<\/option><\/select><\/div><div id=\"wpforms-56-field_2-container\" class=\"wpforms-field wpforms-field-textarea\" data-field-id=\"2\"><label class=\"wpforms-field-label\" for=\"wpforms-56-field_2\">Question:<\/label><textarea id=\"wpforms-56-field_2\" class=\"wpforms-field-medium\" name=\"wpforms[fields][2]\" aria-errormessage=\"wpforms-56-field_2-error\" ><\/textarea><\/div><\/div><!-- .wpforms-field-container --><div class=\"wpforms-submit-container\" ><input type=\"hidden\" name=\"wpforms[id]\" value=\"56\"><input type=\"hidden\" name=\"page_title\" value=\"\"><input type=\"hidden\" name=\"page_url\" value=\"https:\/\/relaisducoeur.lu\/index.php\/wp-json\/wp\/v2\/pages\/20\"><input type=\"hidden\" name=\"url_referer\" value=\"\"><button type=\"submit\" name=\"wpforms[submit]\" id=\"wpforms-submit-56\" class=\"wpforms-submit\" data-alt-text=\"Sending...\" data-submit-text=\"Submit\" aria-live=\"assertive\" value=\"wpforms-submit\">Submit<\/button><img loading=\"lazy\" decoding=\"async\" src=\"https:\/\/relaisducoeur.lu\/wp-content\/plugins\/wpforms-lite\/assets\/images\/submit-spin.svg\" class=\"wpforms-submit-spinner\" style=\"display: none;\" width=\"26\" height=\"26\" alt=\"Loading\"><\/div><\/form><\/div>  <!-- .wpforms-container -->\n\n\n<p><\/p>\n","protected":false},"excerpt":{"rendered":"<p>Samedi 21 juin 2025 de 10:00 \u00e0 18:00 Stade Josy Barthel, Luxembourg-ville, Luxembourg Course et marche organis\u00e9e par le Club Lions Altius en m\u00e9moire de son membre regrett\u00e9 B\u00e9n\u00e9dicte Reis, d\u00e9c\u00e9d\u00e9e en 2024. Les recettes r\u00e9colt\u00e9es lors de cette manifestation seront int\u00e9gralement vers\u00e9es \u00e0 l&#8217;association &#8220;H\u00e4rzkrank Kanner zu L\u00ebtzebuerg&#8221; pour la recherche et au soutien [&hellip;]<\/p>\n","protected":false},"author":1,"featured_media":0,"parent":0,"menu_order":0,"comment_status":"closed","ping_status":"closed","template":"","meta":{"_monsterinsights_skip_tracking":false,"_monsterinsights_sitenote_active":false,"_monsterinsights_sitenote_note":"","_monsterinsights_sitenote_category":0,"_uf_show_specific_survey":0,"_uf_disable_surveys":false,"footnotes":""},"class_list":["post-20","page","type-page","status-publish","hentry"],"aioseo_notices":[],"yoast_head":"<!-- This site is optimized with the Yoast SEO plugin v24.9 - https:\/\/yoast.com\/wordpress\/plugins\/seo\/ -->\n<title>Relais du coeur en m\u00e9moire de B\u00e9n\u00e9dicte Reis 2025 -<\/title>\n<meta name=\"robots\" content=\"index, follow, max-snippet:-1, max-image-preview:large, max-video-preview:-1\" \/>\n<link rel=\"canonical\" href=\"https:\/\/relaisducoeur.lu\/\" \/>\n<meta property=\"og:locale\" content=\"en_US\" \/>\n<meta property=\"og:type\" content=\"article\" \/>\n<meta property=\"og:title\" content=\"Relais du coeur en m\u00e9moire de B\u00e9n\u00e9dicte Reis 2025 -\" \/>\n<meta property=\"og:description\" content=\"Samedi 21 juin 2025 de 10:00 \u00e0 18:00 Stade Josy Barthel, Luxembourg-ville, Luxembourg Course et marche organis\u00e9e par le Club Lions Altius en m\u00e9moire de son membre regrett\u00e9 B\u00e9n\u00e9dicte Reis, d\u00e9c\u00e9d\u00e9e en 2024. Les recettes r\u00e9colt\u00e9es lors de cette manifestation seront int\u00e9gralement vers\u00e9es \u00e0 l&#8217;association &#8220;H\u00e4rzkrank Kanner zu L\u00ebtzebuerg&#8221; pour la recherche et au soutien [&hellip;]\" \/>\n<meta property=\"og:url\" content=\"https:\/\/relaisducoeur.lu\/\" \/>\n<meta property=\"article:publisher\" content=\"https:\/\/www.facebook.com\/events\/633549299556750\" \/>\n<meta property=\"article:modified_time\" content=\"2025-06-17T07:02:42+00:00\" \/>\n<meta property=\"og:image\" content=\"https:\/\/relaisducoeur.lu\/wp-content\/uploads\/2025\/04\/Visuel_RelaisDelaVie.jpg\" \/>\n\t<meta property=\"og:image:width\" content=\"638\" \/>\n\t<meta property=\"og:image:height\" content=\"462\" \/>\n\t<meta property=\"og:image:type\" content=\"image\/jpeg\" \/>\n<meta name=\"twitter:card\" content=\"summary_large_image\" \/>\n<meta name=\"twitter:label1\" content=\"Est. reading time\" \/>\n\t<meta name=\"twitter:data1\" content=\"2 minutes\" \/>\n<script type=\"application\/ld+json\" class=\"yoast-schema-graph\">{\"@context\":\"https:\/\/schema.org\",\"@graph\":[{\"@type\":\"WebPage\",\"@id\":\"https:\/\/relaisducoeur.lu\/\",\"url\":\"https:\/\/relaisducoeur.lu\/\",\"name\":\"Relais du coeur en m\u00e9moire de B\u00e9n\u00e9dicte Reis 2025 -\",\"isPartOf\":{\"@id\":\"https:\/\/relaisducoeur.lu\/#website\"},\"primaryImageOfPage\":{\"@id\":\"https:\/\/relaisducoeur.lu\/#primaryimage\"},\"image\":{\"@id\":\"https:\/\/relaisducoeur.lu\/#primaryimage\"},\"thumbnailUrl\":\"https:\/\/relaisducoeur.lu\/wp-content\/uploads\/2025\/04\/Visuel_RelaisDelaVie.jpg\",\"datePublished\":\"2025-04-14T19:54:47+00:00\",\"dateModified\":\"2025-06-17T07:02:42+00:00\",\"breadcrumb\":{\"@id\":\"https:\/\/relaisducoeur.lu\/#breadcrumb\"},\"inLanguage\":\"en-US\",\"potentialAction\":[{\"@type\":\"ReadAction\",\"target\":[\"https:\/\/relaisducoeur.lu\/\"]}]},{\"@type\":\"ImageObject\",\"inLanguage\":\"en-US\",\"@id\":\"https:\/\/relaisducoeur.lu\/#primaryimage\",\"url\":\"https:\/\/relaisducoeur.lu\/wp-content\/uploads\/2025\/04\/Visuel_RelaisDelaVie.jpg\",\"contentUrl\":\"https:\/\/relaisducoeur.lu\/wp-content\/uploads\/2025\/04\/Visuel_RelaisDelaVie.jpg\",\"width\":638,\"height\":462,\"caption\":\"Relais du coeur\"},{\"@type\":\"BreadcrumbList\",\"@id\":\"https:\/\/relaisducoeur.lu\/#breadcrumb\",\"itemListElement\":[{\"@type\":\"ListItem\",\"position\":1,\"name\":\"Home\",\"item\":\"https:\/\/relaisducoeur.lu\/\"},{\"@type\":\"ListItem\",\"position\":2,\"name\":\"Relais du coeur en m\u00e9moire de B\u00e9n\u00e9dicte Reis 2025\"}]},{\"@type\":\"WebSite\",\"@id\":\"https:\/\/relaisducoeur.lu\/#website\",\"url\":\"https:\/\/relaisducoeur.lu\/\",\"name\":\"Relais du Coeur\",\"description\":\"\",\"publisher\":{\"@id\":\"https:\/\/relaisducoeur.lu\/#organization\"},\"potentialAction\":[{\"@type\":\"SearchAction\",\"target\":{\"@type\":\"EntryPoint\",\"urlTemplate\":\"https:\/\/relaisducoeur.lu\/?s={search_term_string}\"},\"query-input\":{\"@type\":\"PropertyValueSpecification\",\"valueRequired\":true,\"valueName\":\"search_term_string\"}}],\"inLanguage\":\"en-US\"},{\"@type\":\"Organization\",\"@id\":\"https:\/\/relaisducoeur.lu\/#organization\",\"name\":\"Lions Altius\",\"url\":\"https:\/\/relaisducoeur.lu\/\",\"logo\":{\"@type\":\"ImageObject\",\"inLanguage\":\"en-US\",\"@id\":\"https:\/\/relaisducoeur.lu\/#\/schema\/logo\/image\/\",\"url\":\"https:\/\/relaisducoeur.lu\/wp-content\/uploads\/2025\/04\/LionsLogo.png\",\"contentUrl\":\"https:\/\/relaisducoeur.lu\/wp-content\/uploads\/2025\/04\/LionsLogo.png\",\"width\":160,\"height\":151,\"caption\":\"Lions Altius\"},\"image\":{\"@id\":\"https:\/\/relaisducoeur.lu\/#\/schema\/logo\/image\/\"},\"sameAs\":[\"https:\/\/www.facebook.com\/events\/633549299556750\"]}]}<\/script>\n<!-- \/ Yoast SEO plugin. -->","yoast_head_json":{"title":"Relais du coeur en m\u00e9moire de B\u00e9n\u00e9dicte Reis 2025 -","robots":{"index":"index","follow":"follow","max-snippet":"max-snippet:-1","max-image-preview":"max-image-preview:large","max-video-preview":"max-video-preview:-1"},"canonical":"https:\/\/relaisducoeur.lu\/","og_locale":"en_US","og_type":"article","og_title":"Relais du coeur en m\u00e9moire de B\u00e9n\u00e9dicte Reis 2025 -","og_description":"Samedi 21 juin 2025 de 10:00 \u00e0 18:00 Stade Josy Barthel, Luxembourg-ville, Luxembourg Course et marche organis\u00e9e par le Club Lions Altius en m\u00e9moire de son membre regrett\u00e9 B\u00e9n\u00e9dicte Reis, d\u00e9c\u00e9d\u00e9e en 2024. Les recettes r\u00e9colt\u00e9es lors de cette manifestation seront int\u00e9gralement vers\u00e9es \u00e0 l&#8217;association &#8220;H\u00e4rzkrank Kanner zu L\u00ebtzebuerg&#8221; pour la recherche et au soutien [&hellip;]","og_url":"https:\/\/relaisducoeur.lu\/","article_publisher":"https:\/\/www.facebook.com\/events\/633549299556750","article_modified_time":"2025-06-17T07:02:42+00:00","og_image":[{"width":638,"height":462,"url":"https:\/\/relaisducoeur.lu\/wp-content\/uploads\/2025\/04\/Visuel_RelaisDelaVie.jpg","type":"image\/jpeg"}],"twitter_card":"summary_large_image","twitter_misc":{"Est. reading time":"2 minutes"},"schema":{"@context":"https:\/\/schema.org","@graph":[{"@type":"WebPage","@id":"https:\/\/relaisducoeur.lu\/","url":"https:\/\/relaisducoeur.lu\/","name":"Relais du coeur en m\u00e9moire de B\u00e9n\u00e9dicte Reis 2025 -","isPartOf":{"@id":"https:\/\/relaisducoeur.lu\/#website"},"primaryImageOfPage":{"@id":"https:\/\/relaisducoeur.lu\/#primaryimage"},"image":{"@id":"https:\/\/relaisducoeur.lu\/#primaryimage"},"thumbnailUrl":"https:\/\/relaisducoeur.lu\/wp-content\/uploads\/2025\/04\/Visuel_RelaisDelaVie.jpg","datePublished":"2025-04-14T19:54:47+00:00","dateModified":"2025-06-17T07:02:42+00:00","breadcrumb":{"@id":"https:\/\/relaisducoeur.lu\/#breadcrumb"},"inLanguage":"en-US","potentialAction":[{"@type":"ReadAction","target":["https:\/\/relaisducoeur.lu\/"]}]},{"@type":"ImageObject","inLanguage":"en-US","@id":"https:\/\/relaisducoeur.lu\/#primaryimage","url":"https:\/\/relaisducoeur.lu\/wp-content\/uploads\/2025\/04\/Visuel_RelaisDelaVie.jpg","contentUrl":"https:\/\/relaisducoeur.lu\/wp-content\/uploads\/2025\/04\/Visuel_RelaisDelaVie.jpg","width":638,"height":462,"caption":"Relais du coeur"},{"@type":"BreadcrumbList","@id":"https:\/\/relaisducoeur.lu\/#breadcrumb","itemListElement":[{"@type":"ListItem","position":1,"name":"Home","item":"https:\/\/relaisducoeur.lu\/"},{"@type":"ListItem","position":2,"name":"Relais du coeur en m\u00e9moire de B\u00e9n\u00e9dicte Reis 2025"}]},{"@type":"WebSite","@id":"https:\/\/relaisducoeur.lu\/#website","url":"https:\/\/relaisducoeur.lu\/","name":"Relais du Coeur","description":"","publisher":{"@id":"https:\/\/relaisducoeur.lu\/#organization"},"potentialAction":[{"@type":"SearchAction","target":{"@type":"EntryPoint","urlTemplate":"https:\/\/relaisducoeur.lu\/?s={search_term_string}"},"query-input":{"@type":"PropertyValueSpecification","valueRequired":true,"valueName":"search_term_string"}}],"inLanguage":"en-US"},{"@type":"Organization","@id":"https:\/\/relaisducoeur.lu\/#organization","name":"Lions Altius","url":"https:\/\/relaisducoeur.lu\/","logo":{"@type":"ImageObject","inLanguage":"en-US","@id":"https:\/\/relaisducoeur.lu\/#\/schema\/logo\/image\/","url":"https:\/\/relaisducoeur.lu\/wp-content\/uploads\/2025\/04\/LionsLogo.png","contentUrl":"https:\/\/relaisducoeur.lu\/wp-content\/uploads\/2025\/04\/LionsLogo.png","width":160,"height":151,"caption":"Lions Altius"},"image":{"@id":"https:\/\/relaisducoeur.lu\/#\/schema\/logo\/image\/"},"sameAs":["https:\/\/www.facebook.com\/events\/633549299556750"]}]}},"_links":{"self":[{"href":"https:\/\/relaisducoeur.lu\/index.php\/wp-json\/wp\/v2\/pages\/20","targetHints":{"allow":["GET"]}}],"collection":[{"href":"https:\/\/relaisducoeur.lu\/index.php\/wp-json\/wp\/v2\/pages"}],"about":[{"href":"https:\/\/relaisducoeur.lu\/index.php\/wp-json\/wp\/v2\/types\/page"}],"author":[{"embeddable":true,"href":"https:\/\/relaisducoeur.lu\/index.php\/wp-json\/wp\/v2\/users\/1"}],"replies":[{"embeddable":true,"href":"https:\/\/relaisducoeur.lu\/index.php\/wp-json\/wp\/v2\/comments?post=20"}],"version-history":[{"count":13,"href":"https:\/\/relaisducoeur.lu\/index.php\/wp-json\/wp\/v2\/pages\/20\/revisions"}],"predecessor-version":[{"id":75,"href":"https:\/\/relaisducoeur.lu\/index.php\/wp-json\/wp\/v2\/pages\/20\/revisions\/75"}],"wp:attachment":[{"href":"https:\/\/relaisducoeur.lu\/index.php\/wp-json\/wp\/v2\/media?parent=20"}],"curies":[{"name":"wp","href":"https:\/\/api.w.org\/{rel}","templated":true}]}}